{"id":11,"date":"2014-04-04T17:35:19","date_gmt":"2014-04-04T15:35:19","guid":{"rendered":"http:\/\/www.ra-thomasgeib.de\/?page_id=11"},"modified":"2024-06-21T10:46:27","modified_gmt":"2024-06-21T08:46:27","slug":"kontaktimpressum","status":"publish","type":"page","link":"https:\/\/www.ra-thomasgeib.de\/?page_id=11","title":{"rendered":"KONTAKT\/IMPRESSUM"},"content":{"rendered":"<p>Rechtsanwalt und Berufsbetreuer Thomas Geib<br \/>Neuweg 17a<br \/>55743 Idar-Oberstein<\/p>\n<p>Tel.: 06781.2639173<br \/>Fax.: 06781.2639174<\/p>\n<p>ra.thomasgeib@t-online.de<\/p>\n<p><strong>Impressum RA Thomas Geib:<br \/><\/strong><\/p>\n<p><strong>Berufsbezeichnungen:<\/strong><br \/>Rechtsanwalt (verliehen in der Bundesrepublik Deutschland)<\/p>\n<p><strong>Zust\u00e4ndige Kammer (Aufsichtsbeh\u00f6rde):<\/strong><br \/>Rechtsanwaltskammer f\u00fcr den Oberlandesgerichtsbezirk Koblenz<br \/>Rheinstra\u00dfe 24, 56068 Koblenz, Telefon: +49 261 303350, Telefax: +49 261 3033522, info@rakko.de, www.rakko.de<\/p>\n<p><strong>Berufsrechtliche Regelungen:<\/strong><br \/>Bundesrechtsanwaltsordnung (BRAO)<br \/>Berufsordnung f\u00fcr Rechtsanw\u00e4lte (BORA)<br \/>Fachanwaltsordnung (FAO)<br \/>Rechtsanwaltsverg\u00fctungsgesetz (RVG)<br \/>Berufsregelungen der Rechtsanw\u00e4lte der Europ\u00e4ischen Union<br \/>Die Regelungen k\u00f6nnen bei der <a class=\"w3-hover-text-blue\" href=\"http:\/\/www.brak.de\/fuer-anwaelte\/berufsrecht\/\" target=\"_blank\" rel=\"noopener\">Bundesrechtsanwaltskammer<\/a> oder dem <a class=\"w3-hover-text-blue\" href=\"https:\/\/anwaltverein.de\/de\/anwaltspraxis\/berufsrecht\" target=\"_blank\" rel=\"noopener\">Deutschen Anwaltverein<\/a> eingesehen werden.<\/p>\n<p>Berufsbetreuer<\/p>\n<p><strong>Zust\u00e4ndige Aufsichtsbeh\u00f6rde<\/strong><br \/>Betreuungsbeh\u00f6rde der Kreisverwaltung Birkenfeld<br \/>Schlo\u00dfstra\u00dfe 2, 55765 Birkenfeld, Telefon: +49 6782.150<\/p>\n<p><strong>Berufshaftpflichtversicherung:<\/strong><br \/>HDI-Gerling Firmen und Privat Versicherung AG, Riethorst 2, 30659 Hannover<br \/>(Rechtsanw\u00e4lte sind aufgrund der BRAO verpflichtet, eine Berufshaftpflichtversicherung mit einer Mindestversicherungssumme von 250.000,00 \u20ac zu unterhalten. Die Einzelheiten ergeben sich aus \u00a7 51 BRAO.).<\/p>\n<p><strong>Freiwillige Schlichtungsstellen f\u00fcr Streitigkeiten zwischen Mandant und Rechtsanwalt:<\/strong><br \/>Ombudsmann bei der Bundesrechtsanwaltskammer, Littenstr. 9, 10179 Berlin<br \/>Schlichtungsstelle bei der Rechtsanwaltskammer f\u00fcr den Oberlandesgerichtsbezirk Koblenz, Rheinstr. 24, 56068 Koblenz<br \/>(Bei Streitigkeiten zwischen Rechtsanw\u00e4lten und ihren Auftraggebern k\u00f6nnen zur Vermeidung eines Rechtsstreites Schlichtungsstellen herangezogen werden.).<\/p>\n<p>Haftungshinweis: Trotz sorgf\u00e4ltiger inhaltlicher Kontrolle wird ich keine Haftung<br \/>f\u00fcr die Inhalte externer Links \u00fcbernommen. F\u00fcr den Inhalt der verlinkten Seiten sind ausschlie\u00dflich deren Betreiber verantwortlich.<\/p>\n<p>Gestaltung: thiergarten.net<\/p>\n\n<div class=\"wp-block-image is-style-default\">\n<figure class=\"alignleft size-large is-resized\"><img loading=\"lazy\" decoding=\"async\" width=\"100\" height=\"100\" src=\"http:\/\/www.ra-thomasgeib.de\/wp-content\/uploads\/2021\/07\/logotgrdkl.jpg\" alt=\"\" class=\"wp-image-192\" style=\"width:50px;height:50px\"\/><\/figure>\n<\/div>","protected":false},"excerpt":{"rendered":"<p>Rechtsanwalt und Berufsbetreuer Thomas GeibNeuweg 17a55743 Idar-Oberstein Tel.: 06781.2639173Fax.: 06781.2639174 ra.thomasgeib@t-online.de Impressum RA Thomas Geib: Berufsbezeichnungen:Rechtsanwalt (verliehen in der Bundesrepublik Deutschland) Zust\u00e4ndige Kammer (Aufsichtsbeh\u00f6rde):Rechtsanwaltskammer f\u00fcr den Oberlandesgerichtsbezirk KoblenzRheinstra\u00dfe 24, 56068 Koblenz, Telefon: +49 261 303350, Telefax: +49 261 3033522, info@rakko.de, www.rakko.de Berufsrechtliche Regelungen:Bundesrechtsanwaltsordnung (BRAO)Berufsordnung f\u00fcr Rechtsanw\u00e4lte (BORA)Fachanwaltsordnung (FAO)Rechtsanwaltsverg\u00fctungsgesetz (RVG)Berufsregelungen der Rechtsanw\u00e4lte der Europ\u00e4ischen UnionDie Regelungen &hellip; <\/p>\n<p class=\"link-more\"><a href=\"https:\/\/www.ra-thomasgeib.de\/?page_id=11\" class=\"more-link\"><span class=\"screen-reader-text\">\u201eKONTAKT\/IMPRESSUM\u201c<\/span> weiterlesen<\/a><\/p>\n","protected":false},"author":1,"featured_media":0,"parent":0,"menu_order":0,"comment_status":"closed","ping_status":"closed","template":"","meta":{"footnotes":""},"class_list":["post-11","page","type-page","status-publish","hentry"],"_links":{"self":[{"href":"https:\/\/www.ra-thomasgeib.de\/index.php?rest_route=\/wp\/v2\/pages\/11","targetHints":{"allow":["GET"]}}],"collection":[{"href":"https:\/\/www.ra-thomasgeib.de\/index.php?rest_route=\/wp\/v2\/pages"}],"about":[{"href":"https:\/\/www.ra-thomasgeib.de\/index.php?rest_route=\/wp\/v2\/types\/page"}],"author":[{"embeddable":true,"href":"https:\/\/www.ra-thomasgeib.de\/index.php?rest_route=\/wp\/v2\/users\/1"}],"replies":[{"embeddable":true,"href":"https:\/\/www.ra-thomasgeib.de\/index.php?rest_route=%2Fwp%2Fv2%2Fcomments&post=11"}],"version-history":[{"count":29,"href":"https:\/\/www.ra-thomasgeib.de\/index.php?rest_route=\/wp\/v2\/pages\/11\/revisions"}],"predecessor-version":[{"id":232,"href":"https:\/\/www.ra-thomasgeib.de\/index.php?rest_route=\/wp\/v2\/pages\/11\/revisions\/232"}],"wp:attachment":[{"href":"https:\/\/www.ra-thomasgeib.de\/index.php?rest_route=%2Fwp%2Fv2%2Fmedia&parent=11"}],"curies":[{"name":"wp","href":"https:\/\/api.w.org\/{rel}","templated":true}]}}